{"id":249,"date":"2023-03-11T13:46:30","date_gmt":"2023-03-11T12:46:30","guid":{"rendered":"http:\/\/chojnowscy.pl\/?page_id=249"},"modified":"2023-03-12T12:08:19","modified_gmt":"2023-03-12T11:08:19","slug":"maska-twarzowa","status":"publish","type":"page","link":"https:\/\/chojnowscy.pl\/?page_id=249","title":{"rendered":"Maska Twarzowa"},"content":{"rendered":"\n<figure class=\"wp-block-image size-full is-resized\"><img loading=\"lazy\" decoding=\"async\" src=\"http:\/\/chojnowscy.pl\/wp-content\/uploads\/2023\/03\/maskatwarzowa-1.png\" alt=\"\" class=\"wp-image-268\" width=\"154\" height=\"213\"\/><\/figure>\n\n\n\n<p class=\"has-small-font-size\">Jednym z najbardziej efektywnych sposob\u00f3w leczenia pacjent\u00f3w, u kt\u00f3rych wyst\u0119puje niedostateczny wzrost szcz\u0119ki (jest ona cofni\u0119ta w stosunku do ca\u0142ej cz\u0119\u015bci twarzowej czaszki), jest leczenie ortopedyczne z zastosowaniem maski twarzowej. Najlepsze efekty mo\u017cna osi\u0105gn\u0105\u0107 u pacjent\u00f3w rosn\u0105cych, a wi\u0119c z uz\u0119bieniem mieszanym i wczesnym sta\u0142ym. Niemniej jednak u pacjent\u00f3w doros\u0142ych leczenie tym aparatem r\u00f3wnie\u017c daje dobre wyniki, ale mask\u0119 twarzow\u0105 trzeba skojarzy\u0107 z aparatem do rozrywania szwu podniebiennego \u2013 Hyrax lub Bihelix.<\/p>\n\n\n\n<p class=\"has-small-font-size\">Maska twarzowa stosowana w naszej praktyce jest tzw. mask\u0105 Petita\/Dallair\u2019a. Zbudowana jest ze stali nierdzewnej \u2013 szkielet druciany i dw\u00f3ch podk\u0142adek akrylowych \u2013 jedna opieraj\u0105ca si\u0119 o czo\u0142o, druga o br\u00f3dk\u0119. Dolna kraw\u0119d\u017a podk\u0142adki na czo\u0142o powinna przebiega\u0107 tu\u017c nad \u0142ukami brwiowymi. Na poziomie warg do drucianego szkieletu przymocowane s\u0105 metalowe pr\u0119ty. Do nich przyczepia si\u0119 wyci\u0105gi elastyczne, kt\u00f3re wewn\u0105trzustnie zaczepione s\u0105 do zamk\u00f3w na siekaczach g\u00f3rnych lub pier\u015bcieni na z\u0119bach trzonowych g\u00f3rnych, ewentualnie do aparatu Hyrax\/Bihelix. Wyci\u0105gi dzia\u0142aj\u0105 z okre\u015blon\u0105 si\u0142\u0105 na szcz\u0119k\u0119, powoduj\u0105c sta\u0142e, doprzednie jej przemieszczenie, nadbudow\u0119 bazy kostnej w jej przednim odcinku oraz, w zale\u017cno\u015bci od potrzeby, rotacj\u0119. Jednocze\u015bnie si\u0142a dzia\u0142aj\u0105ca na \u017cuchw\u0119 powoduje jej rotacj\u0119 do ty\u0142u i do\u0142u.<\/p>\n\n\n\n<p class=\"has-small-font-size\">Mask\u0119 twarzow\u0105 nosi si\u0119 przez 24 godziny na dob\u0119 (za wyj\u0105tkiem posi\u0142k\u00f3w). Wtedy daje ona najlepsze efekty. Niestety cz\u0119sto jest to niemo\u017cliwe, dlatego zaleca si\u0119 stosowanie jej 90 godzin w ci\u0105gu tygodnia, tj. ok. 12 godzin dziennie. Po ustawieniu szcz\u0119ki w prawid\u0142owej pozycji mask\u0119 twarzow\u0105 nale\u017cy nosi\u0107 jeszcze przez okres 3-9 miesi\u0119cy w celu ustabilizowania osi\u0105gni\u0119tych wynik\u00f3w leczenia.<\/p>\n\n\n\n<p class=\"has-small-font-size\">Podczas noszenia maski twarzowej mo\u017cesz odczuwa\u0107 lekki niewielki dyskomfort. Wtedy nale\u017cy zrobi\u0107 przerw\u0119 w jej noszeniu. Na brodzie, czole i w okolicach ust mog\u0105 pojawi\u0107 si\u0119 podra\u017cnienia sk\u00f3ry. Nale\u017cy pod\u0142o\u017cy\u0107 pod te miejsca odpowiednie podk\u0142adki z materia\u0142u, np. bawe\u0142niane p\u0142atki do demakija\u017cu, a w okolicach ust zastosowa\u0107 odpowiedni\u0105 ma\u015b\u0107 np. z witamin\u0105 A. Czasami mo\u017cna zmniejszy\u0107 ilo\u015b\u0107 godzin noszenia maski twarzowej, je\u015bli podra\u017cnienia sk\u00f3ry nie ust\u0119puj\u0105.<\/p>\n\n\n\n<p class=\"has-small-font-size\">Je\u017celi leczenie mask\u0105 twarzow\u0105 jest skojarzone z aparatem do rozsuni\u0119cia szwu podniebiennego, nale\u017cy zacz\u0105\u0107 zak\u0142ada\u0107 j\u0105 po 2-4 tygodniach stosowania aparatu Hyrax lub Bihelix.<\/p>\n\n\n\n<p class=\"has-small-font-size\">Pami\u0119taj! Tylko twoja wsp\u00f3\u0142praca w zakresie systematycznego noszenia maski twarzowej gwarantuje powodzenie w leczeniu.<\/p>\n\n\n\n<p class=\"has-small-font-size\">W razie jakichkolwiek w\u0105tpliwo\u015bci i niejasno\u015bci prosz\u0119 zwr\u00f3ci\u0107 si\u0119 do prowadz\u0105cego ortodonty po wyja\u015bnienia.<\/p>\n","protected":false},"excerpt":{"rendered":"<p>Jednym z najbardziej efektywnych sposob\u00f3w leczenia pacjent\u00f3w, u kt\u00f3rych wyst\u0119puje niedostateczny wzrost szcz\u0119ki (jest ona cofni\u0119ta w stosunku do ca\u0142ej cz\u0119\u015bci twarzowej czaszki), jest leczenie ortopedyczne z zastosowaniem maski twarzowej. Najlepsze efekty mo\u017cna osi\u0105gn\u0105\u0107 u pacjent\u00f3w rosn\u0105cych, a wi\u0119c z uz\u0119bieniem mieszanym i wczesnym sta\u0142ym. Niemniej jednak u pacjent\u00f3w doros\u0142ych leczenie tym aparatem r\u00f3wnie\u017c daje [&hellip;]<\/p>\n","protected":false},"author":1,"featured_media":0,"parent":0,"menu_order":0,"comment_status":"closed","ping_status":"closed","template":"","meta":{"footnotes":""},"class_list":["post-249","page","type-page","status-publish","hentry"],"_links":{"self":[{"href":"https:\/\/chojnowscy.pl\/index.php?rest_route=\/wp\/v2\/pages\/249","targetHints":{"allow":["GET"]}}],"collection":[{"href":"https:\/\/chojnowscy.pl\/index.php?rest_route=\/wp\/v2\/pages"}],"about":[{"href":"https:\/\/chojnowscy.pl\/index.php?rest_route=\/wp\/v2\/types\/page"}],"author":[{"embeddable":true,"href":"https:\/\/chojnowscy.pl\/index.php?rest_route=\/wp\/v2\/users\/1"}],"replies":[{"embeddable":true,"href":"https:\/\/chojnowscy.pl\/index.php?rest_route=%2Fwp%2Fv2%2Fcomments&post=249"}],"version-history":[{"count":3,"href":"https:\/\/chojnowscy.pl\/index.php?rest_route=\/wp\/v2\/pages\/249\/revisions"}],"predecessor-version":[{"id":269,"href":"https:\/\/chojnowscy.pl\/index.php?rest_route=\/wp\/v2\/pages\/249\/revisions\/269"}],"wp:attachment":[{"href":"https:\/\/chojnowscy.pl\/index.php?rest_route=%2Fwp%2Fv2%2Fmedia&parent=249"}],"curies":[{"name":"wp","href":"https:\/\/api.w.org\/{rel}","templated":true}]}}